{"id":3581,"date":"2025-05-05T08:50:47","date_gmt":"2025-05-05T06:50:47","guid":{"rendered":"http:\/\/localhost:8080\/non%20class\u00e9\/terrine-de-campagne-a-lail-noir-180g-conserve-bocal\/"},"modified":"2026-04-22T16:53:37","modified_gmt":"2026-04-22T14:53:37","slug":"terrine-de-campagne-a-lail-noir-180g-conserve-bocal","status":"publish","type":"product","link":"https:\/\/www.maison-occitane.com\/fr\/produit\/terrine-de-campagne-a-lail-noir-180g-conserve-bocal\/","title":{"rendered":"TERRINE DE CAMPAGNE A L&rsquo;AIL NOIR"},"content":{"rendered":"<p data-start=\"304\" data-end=\"365\">Une terrine de caract\u00e8re aux ar\u00f4mes profonds et \u00e9l\u00e9gants.<\/p>\n<p data-start=\"367\" data-end=\"730\">Laissez-vous surprendre par notre Terrine de campagne \u00e0 l\u2019ail noir, une cr\u00e9ation originale qui associe la finesse de la<strong> viande de porc fran\u00e7aise<\/strong> \u00e0 la douceur sucr\u00e9e de l\u2019ail noir. Cette terrine offre une exp\u00e9rience gustative unique, \u00e0 la fois rustique et raffin\u00e9e.<\/p>\n<p data-start=\"732\" data-end=\"1054\">L\u2019ail noir, obtenu par fermentation douce de l\u2019ail blanc, d\u00e9voile des notes subtiles de balsamique, de r\u00e9glisse et de fruits confits. Ce parfum complexe vient enrichir la texture fondante et g\u00e9n\u00e9reuse de notre terrine de porc, cuisin\u00e9e dans notre atelier \u00e0 partir de viande d&rsquo;origine France. \u00c9labor\u00e9e sans colorant ni conservateur, cette recette s\u00e9duira les amateurs de saveurs originales et les curieux du terroir.<\/p>\n<p data-start=\"1196\" data-end=\"1349\">Parfaite \u00e0 l\u2019ap\u00e9ritif, en entr\u00e9e ou sur une planche gourmande, la terrine \u00e0 l\u2019ail noir est la promesse d\u2019un moment de d\u00e9gustation intense et raffin\u00e9.<\/p>\n<p><strong><span style=\"color: #f29400;\">Nombre de parts :<\/span> <\/strong>\u00a0180g \u2192 4 \u00e0 5 parts<\/p>\n","protected":false},"excerpt":{"rendered":"<p><span class=\"notion-enable-hover\" data-token-index=\"0\">Le d\u00e9lice \u00e0 l&rsquo;ail noir est une terrine de campagne de porc. D\u00e9couvrez une nouvelle association pour une exp\u00e9rience gustative unique.<\/span><\/p>\n","protected":false},"featured_media":4137,"comment_status":"open","ping_status":"closed","template":"","meta":{"_acf_changed":false},"product_cat":[771,783],"product_tag":[],"origines":[798],"labels-qualite":[],"class_list":{"0":"post-3581","1":"product","2":"type-product","3":"status-publish","4":"has-post-thumbnail","6":"product_brand-maison-occitane","7":"product_cat-terrines-et-rillettes","8":"product_cat-terrines","9":"product_origine-france","11":"first","12":"instock","13":"taxable","14":"shipping-taxable","15":"purchasable","16":"product-type-simple","17":"add-to-wishlist-before_image"},"acf":[],"yoast_head":"<!-- This site is optimized with the Yoast SEO plugin v24.9 - https:\/\/yoast.com\/wordpress\/plugins\/seo\/ -->\n<title>TERRINE DE CAMPAGNE A L&#039;AIL NOIR - Maison Occitane<\/title>\n<meta name=\"description\" content=\"Terrine de campagne au porc fran\u00e7ais et \u00e0 l&#039;ail noir. Une recette originale aux saveurs sucr\u00e9es et profondes, id\u00e9ale \u00e0 l\u2019ap\u00e9ritif ou en entr\u00e9e raffin\u00e9e.\" \/>\n<meta name=\"robots\" content=\"index, follow, max-snippet:-1, max-image-preview:large, max-video-preview:-1\" \/>\n<link rel=\"canonical\" href=\"https:\/\/www.maison-occitane.com\/fr\/produit\/terrine-de-campagne-a-lail-noir-180g-conserve-bocal\/\" \/>\n<meta property=\"og:locale\" content=\"fr_FR\" \/>\n<meta property=\"og:type\" content=\"article\" \/>\n<meta property=\"og:title\" content=\"TERRINE DE CAMPAGNE A L&#039;AIL NOIR - Maison Occitane\" \/>\n<meta property=\"og:description\" content=\"Terrine de campagne au porc fran\u00e7ais et \u00e0 l&#039;ail noir. Une recette originale aux saveurs sucr\u00e9es et profondes, id\u00e9ale \u00e0 l\u2019ap\u00e9ritif ou en entr\u00e9e raffin\u00e9e.\" \/>\n<meta property=\"og:url\" content=\"https:\/\/www.maison-occitane.com\/fr\/produit\/terrine-de-campagne-a-lail-noir-180g-conserve-bocal\/\" \/>\n<meta property=\"og:site_name\" content=\"Maison Occitane\" \/>\n<meta property=\"article:modified_time\" content=\"2026-04-22T14:53:37+00:00\" \/>\n<meta property=\"og:image\" content=\"https:\/\/www.maison-occitane.com\/app\/uploads\/2025\/05\/201311_520px.jpg\" \/>\n\t<meta property=\"og:image:width\" content=\"520\" \/>\n\t<meta property=\"og:image:height\" content=\"450\" \/>\n\t<meta property=\"og:image:type\" content=\"image\/jpeg\" \/>\n<meta name=\"twitter:card\" content=\"summary_large_image\" \/>\n<meta name=\"twitter:label1\" content=\"Dur\u00e9e de lecture estim\u00e9e\" \/>\n\t<meta name=\"twitter:data1\" content=\"1 minute\" \/>\n<script type=\"application\/ld+json\" class=\"yoast-schema-graph\">{\"@context\":\"https:\/\/schema.org\",\"@graph\":[{\"@type\":\"WebPage\",\"@id\":\"https:\/\/www.maison-occitane.com\/fr\/produit\/terrine-de-campagne-a-lail-noir-180g-conserve-bocal\/\",\"url\":\"https:\/\/www.maison-occitane.com\/fr\/produit\/terrine-de-campagne-a-lail-noir-180g-conserve-bocal\/\",\"name\":\"TERRINE DE CAMPAGNE A L'AIL NOIR - Maison Occitane\",\"isPartOf\":{\"@id\":\"https:\/\/www.maison-occitane.com\/fr\/#website\"},\"primaryImageOfPage\":{\"@id\":\"https:\/\/www.maison-occitane.com\/fr\/produit\/terrine-de-campagne-a-lail-noir-180g-conserve-bocal\/#primaryimage\"},\"image\":{\"@id\":\"https:\/\/www.maison-occitane.com\/fr\/produit\/terrine-de-campagne-a-lail-noir-180g-conserve-bocal\/#primaryimage\"},\"thumbnailUrl\":\"https:\/\/www.maison-occitane.com\/app\/uploads\/2025\/05\/201311_520px.jpg\",\"datePublished\":\"2025-05-05T06:50:47+00:00\",\"dateModified\":\"2026-04-22T14:53:37+00:00\",\"description\":\"Terrine de campagne au porc fran\u00e7ais et \u00e0 l'ail noir. Une recette originale aux saveurs sucr\u00e9es et profondes, id\u00e9ale \u00e0 l\u2019ap\u00e9ritif ou en entr\u00e9e raffin\u00e9e.\",\"breadcrumb\":{\"@id\":\"https:\/\/www.maison-occitane.com\/fr\/produit\/terrine-de-campagne-a-lail-noir-180g-conserve-bocal\/#breadcrumb\"},\"inLanguage\":\"fr-FR\",\"potentialAction\":[{\"@type\":\"ReadAction\",\"target\":[\"https:\/\/www.maison-occitane.com\/fr\/produit\/terrine-de-campagne-a-lail-noir-180g-conserve-bocal\/\"]}]},{\"@type\":\"ImageObject\",\"inLanguage\":\"fr-FR\",\"@id\":\"https:\/\/www.maison-occitane.com\/fr\/produit\/terrine-de-campagne-a-lail-noir-180g-conserve-bocal\/#primaryimage\",\"url\":\"https:\/\/www.maison-occitane.com\/app\/uploads\/2025\/05\/201311_520px.jpg\",\"contentUrl\":\"https:\/\/www.maison-occitane.com\/app\/uploads\/2025\/05\/201311_520px.jpg\",\"width\":520,\"height\":450,\"caption\":\"Terrine de campagne \u00e0 l'ail noir\"},{\"@type\":\"BreadcrumbList\",\"@id\":\"https:\/\/www.maison-occitane.com\/fr\/produit\/terrine-de-campagne-a-lail-noir-180g-conserve-bocal\/#breadcrumb\",\"itemListElement\":[{\"@type\":\"ListItem\",\"position\":1,\"name\":\"Accueil\",\"item\":\"https:\/\/www.maison-occitane.com\/fr\/\"},{\"@type\":\"ListItem\",\"position\":2,\"name\":\"Produits\",\"item\":\"https:\/\/www.maison-occitane.com\/fr\/shop\/\"},{\"@type\":\"ListItem\",\"position\":3,\"name\":\"Terrines et Rillettes\",\"item\":\"https:\/\/www.maison-occitane.com\/fr\/boutique\/terrines-et-rillettes\/\"},{\"@type\":\"ListItem\",\"position\":4,\"name\":\"TERRINE DE CAMPAGNE A L&rsquo;AIL NOIR\"}]},{\"@type\":\"WebSite\",\"@id\":\"https:\/\/www.maison-occitane.com\/fr\/#website\",\"url\":\"https:\/\/www.maison-occitane.com\/fr\/\",\"name\":\"Maison Occitane\",\"description\":\"\",\"potentialAction\":[{\"@type\":\"SearchAction\",\"target\":{\"@type\":\"EntryPoint\",\"urlTemplate\":\"https:\/\/www.maison-occitane.com\/fr\/?s={search_term_string}\"},\"query-input\":{\"@type\":\"PropertyValueSpecification\",\"valueRequired\":true,\"valueName\":\"search_term_string\"}}],\"inLanguage\":\"fr-FR\"}]}<\/script>\n<!-- \/ Yoast SEO plugin. -->","yoast_head_json":{"title":"TERRINE DE CAMPAGNE A L'AIL NOIR - Maison Occitane","description":"Terrine de campagne au porc fran\u00e7ais et \u00e0 l'ail noir. Une recette originale aux saveurs sucr\u00e9es et profondes, id\u00e9ale \u00e0 l\u2019ap\u00e9ritif ou en entr\u00e9e raffin\u00e9e.","robots":{"index":"index","follow":"follow","max-snippet":"max-snippet:-1","max-image-preview":"max-image-preview:large","max-video-preview":"max-video-preview:-1"},"canonical":"https:\/\/www.maison-occitane.com\/fr\/produit\/terrine-de-campagne-a-lail-noir-180g-conserve-bocal\/","og_locale":"fr_FR","og_type":"article","og_title":"TERRINE DE CAMPAGNE A L'AIL NOIR - Maison Occitane","og_description":"Terrine de campagne au porc fran\u00e7ais et \u00e0 l'ail noir. Une recette originale aux saveurs sucr\u00e9es et profondes, id\u00e9ale \u00e0 l\u2019ap\u00e9ritif ou en entr\u00e9e raffin\u00e9e.","og_url":"https:\/\/www.maison-occitane.com\/fr\/produit\/terrine-de-campagne-a-lail-noir-180g-conserve-bocal\/","og_site_name":"Maison Occitane","article_modified_time":"2026-04-22T14:53:37+00:00","og_image":[{"width":520,"height":450,"url":"https:\/\/www.maison-occitane.com\/app\/uploads\/2025\/05\/201311_520px.jpg","type":"image\/jpeg"}],"twitter_card":"summary_large_image","twitter_misc":{"Dur\u00e9e de lecture estim\u00e9e":"1 minute"},"schema":{"@context":"https:\/\/schema.org","@graph":[{"@type":"WebPage","@id":"https:\/\/www.maison-occitane.com\/fr\/produit\/terrine-de-campagne-a-lail-noir-180g-conserve-bocal\/","url":"https:\/\/www.maison-occitane.com\/fr\/produit\/terrine-de-campagne-a-lail-noir-180g-conserve-bocal\/","name":"TERRINE DE CAMPAGNE A L'AIL NOIR - Maison Occitane","isPartOf":{"@id":"https:\/\/www.maison-occitane.com\/fr\/#website"},"primaryImageOfPage":{"@id":"https:\/\/www.maison-occitane.com\/fr\/produit\/terrine-de-campagne-a-lail-noir-180g-conserve-bocal\/#primaryimage"},"image":{"@id":"https:\/\/www.maison-occitane.com\/fr\/produit\/terrine-de-campagne-a-lail-noir-180g-conserve-bocal\/#primaryimage"},"thumbnailUrl":"https:\/\/www.maison-occitane.com\/app\/uploads\/2025\/05\/201311_520px.jpg","datePublished":"2025-05-05T06:50:47+00:00","dateModified":"2026-04-22T14:53:37+00:00","description":"Terrine de campagne au porc fran\u00e7ais et \u00e0 l'ail noir. Une recette originale aux saveurs sucr\u00e9es et profondes, id\u00e9ale \u00e0 l\u2019ap\u00e9ritif ou en entr\u00e9e raffin\u00e9e.","breadcrumb":{"@id":"https:\/\/www.maison-occitane.com\/fr\/produit\/terrine-de-campagne-a-lail-noir-180g-conserve-bocal\/#breadcrumb"},"inLanguage":"fr-FR","potentialAction":[{"@type":"ReadAction","target":["https:\/\/www.maison-occitane.com\/fr\/produit\/terrine-de-campagne-a-lail-noir-180g-conserve-bocal\/"]}]},{"@type":"ImageObject","inLanguage":"fr-FR","@id":"https:\/\/www.maison-occitane.com\/fr\/produit\/terrine-de-campagne-a-lail-noir-180g-conserve-bocal\/#primaryimage","url":"https:\/\/www.maison-occitane.com\/app\/uploads\/2025\/05\/201311_520px.jpg","contentUrl":"https:\/\/www.maison-occitane.com\/app\/uploads\/2025\/05\/201311_520px.jpg","width":520,"height":450,"caption":"Terrine de campagne \u00e0 l'ail noir"},{"@type":"BreadcrumbList","@id":"https:\/\/www.maison-occitane.com\/fr\/produit\/terrine-de-campagne-a-lail-noir-180g-conserve-bocal\/#breadcrumb","itemListElement":[{"@type":"ListItem","position":1,"name":"Accueil","item":"https:\/\/www.maison-occitane.com\/fr\/"},{"@type":"ListItem","position":2,"name":"Produits","item":"https:\/\/www.maison-occitane.com\/fr\/shop\/"},{"@type":"ListItem","position":3,"name":"Terrines et Rillettes","item":"https:\/\/www.maison-occitane.com\/fr\/boutique\/terrines-et-rillettes\/"},{"@type":"ListItem","position":4,"name":"TERRINE DE CAMPAGNE A L&rsquo;AIL NOIR"}]},{"@type":"WebSite","@id":"https:\/\/www.maison-occitane.com\/fr\/#website","url":"https:\/\/www.maison-occitane.com\/fr\/","name":"Maison Occitane","description":"","potentialAction":[{"@type":"SearchAction","target":{"@type":"EntryPoint","urlTemplate":"https:\/\/www.maison-occitane.com\/fr\/?s={search_term_string}"},"query-input":{"@type":"PropertyValueSpecification","valueRequired":true,"valueName":"search_term_string"}}],"inLanguage":"fr-FR"}]}},"_links":{"self":[{"href":"https:\/\/www.maison-occitane.com\/fr\/wp-json\/wp\/v2\/product\/3581","targetHints":{"allow":["GET"]}}],"collection":[{"href":"https:\/\/www.maison-occitane.com\/fr\/wp-json\/wp\/v2\/product"}],"about":[{"href":"https:\/\/www.maison-occitane.com\/fr\/wp-json\/wp\/v2\/types\/product"}],"replies":[{"embeddable":true,"href":"https:\/\/www.maison-occitane.com\/fr\/wp-json\/wp\/v2\/comments?post=3581"}],"wp:featuredmedia":[{"embeddable":true,"href":"https:\/\/www.maison-occitane.com\/fr\/wp-json\/wp\/v2\/media\/4137"}],"wp:attachment":[{"href":"https:\/\/www.maison-occitane.com\/fr\/wp-json\/wp\/v2\/media?parent=3581"}],"wp:term":[{"taxonomy":"product_cat","embeddable":true,"href":"https:\/\/www.maison-occitane.com\/fr\/wp-json\/wp\/v2\/product_cat?post=3581"},{"taxonomy":"product_tag","embeddable":true,"href":"https:\/\/www.maison-occitane.com\/fr\/wp-json\/wp\/v2\/product_tag?post=3581"},{"taxonomy":"product_origine","embeddable":true,"href":"https:\/\/www.maison-occitane.com\/fr\/wp-json\/wp\/v2\/origines?post=3581"},{"taxonomy":"label_qualite","embeddable":true,"href":"https:\/\/www.maison-occitane.com\/fr\/wp-json\/wp\/v2\/labels-qualite?post=3581"}],"curies":[{"name":"wp","href":"https:\/\/api.w.org\/{rel}","templated":true}]}}